{"id":10,"date":"2025-03-07T05:57:44","date_gmt":"2025-03-07T05:57:44","guid":{"rendered":"https:\/\/www.vaherlehto.fi\/?page_id=10"},"modified":"2026-03-01T19:19:16","modified_gmt":"2026-03-01T17:19:16","slug":"etusivu","status":"publish","type":"page","link":"https:\/\/www.vaherlehto.fi\/","title":{"rendered":"Etusivu"},"content":{"rendered":"\t\t<div data-elementor-type=\"wp-page\" data-elementor-id=\"10\" class=\"elementor elementor-10\">\n\t\t\t\t<div class=\"elementor-element elementor-element-1239808 e-con-full e-flex e-con e-parent\" data-id=\"1239808\" data-element_type=\"container\" data-e-type=\"container\">\n\t\t\t\t<div class=\"elementor-element elementor-element-b6707f9 elementor-widget elementor-widget-image\" data-id=\"b6707f9\" data-element_type=\"widget\" data-e-type=\"widget\" data-widget_type=\"image.default\">\n\t\t\t\t<div class=\"elementor-widget-container\">\n\t\t\t\t\t\t\t\t\t\t\t\t\t\t\t<img fetchpriority=\"high\" decoding=\"async\" width=\"2128\" height=\"788\" src=\"https:\/\/www.vaherlehto.fi\/wp-content\/uploads\/2026\/03\/Kuntien-yksi-keskeisimmista-tehtavista-on-varmistaa-elinymparistojen-turvallisuus.-Turvallisuustyo-ulottuu-kunnan-kaikkiin-toimintoihin-ja-se-on-keskeista-hyvan-tulevaisuuden-ja-viihtyvyyden-kan-1.png\" class=\"attachment-full size-full wp-image-251\" alt=\"\" srcset=\"https:\/\/www.vaherlehto.fi\/wp-content\/uploads\/2026\/03\/Kuntien-yksi-keskeisimmista-tehtavista-on-varmistaa-elinymparistojen-turvallisuus.-Turvallisuustyo-ulottuu-kunnan-kaikkiin-toimintoihin-ja-se-on-keskeista-hyvan-tulevaisuuden-ja-viihtyvyyden-kan-1.png 2128w, https:\/\/www.vaherlehto.fi\/wp-content\/uploads\/2026\/03\/Kuntien-yksi-keskeisimmista-tehtavista-on-varmistaa-elinymparistojen-turvallisuus.-Turvallisuustyo-ulottuu-kunnan-kaikkiin-toimintoihin-ja-se-on-keskeista-hyvan-tulevaisuuden-ja-viihtyvyyden-kan-1-300x111.png 300w, https:\/\/www.vaherlehto.fi\/wp-content\/uploads\/2026\/03\/Kuntien-yksi-keskeisimmista-tehtavista-on-varmistaa-elinymparistojen-turvallisuus.-Turvallisuustyo-ulottuu-kunnan-kaikkiin-toimintoihin-ja-se-on-keskeista-hyvan-tulevaisuuden-ja-viihtyvyyden-kan-1-1024x379.png 1024w, https:\/\/www.vaherlehto.fi\/wp-content\/uploads\/2026\/03\/Kuntien-yksi-keskeisimmista-tehtavista-on-varmistaa-elinymparistojen-turvallisuus.-Turvallisuustyo-ulottuu-kunnan-kaikkiin-toimintoihin-ja-se-on-keskeista-hyvan-tulevaisuuden-ja-viihtyvyyden-kan-1-768x284.png 768w, https:\/\/www.vaherlehto.fi\/wp-content\/uploads\/2026\/03\/Kuntien-yksi-keskeisimmista-tehtavista-on-varmistaa-elinymparistojen-turvallisuus.-Turvallisuustyo-ulottuu-kunnan-kaikkiin-toimintoihin-ja-se-on-keskeista-hyvan-tulevaisuuden-ja-viihtyvyyden-kan-1-1536x569.png 1536w, https:\/\/www.vaherlehto.fi\/wp-content\/uploads\/2026\/03\/Kuntien-yksi-keskeisimmista-tehtavista-on-varmistaa-elinymparistojen-turvallisuus.-Turvallisuustyo-ulottuu-kunnan-kaikkiin-toimintoihin-ja-se-on-keskeista-hyvan-tulevaisuuden-ja-viihtyvyyden-kan-1-2048x758.png 2048w\" sizes=\"(max-width: 2128px) 100vw, 2128px\" \/>\t\t\t\t\t\t\t\t\t\t\t\t\t\t\t<\/div>\n\t\t\t\t<\/div>\n\t\t\t\t<div class=\"elementor-element elementor-element-7a2934b elementor-widget elementor-widget-spacer\" data-id=\"7a2934b\" data-element_type=\"widget\" data-e-type=\"widget\" data-widget_type=\"spacer.default\">\n\t\t\t\t<div class=\"elementor-widget-container\">\n\t\t\t\t\t\t\t<div class=\"elementor-spacer\">\n\t\t\t<div class=\"elementor-spacer-inner\"><\/div>\n\t\t<\/div>\n\t\t\t\t\t\t<\/div>\n\t\t\t\t<\/div>\n\t\t\t\t<\/div>\n\t\t<div class=\"elementor-element elementor-element-c33ee59 e-flex e-con-boxed e-con e-parent\" data-id=\"c33ee59\" data-element_type=\"container\" data-e-type=\"container\">\n\t\t\t\t\t<div class=\"e-con-inner\">\n\t\t<div class=\"elementor-element elementor-element-f5b0b55 e-con-full e-flex e-con e-child\" data-id=\"f5b0b55\" data-element_type=\"container\" data-e-type=\"container\">\n\t\t\t\t<div class=\"elementor-element elementor-element-710f83c elementor-widget elementor-widget-image\" data-id=\"710f83c\" data-element_type=\"widget\" data-e-type=\"widget\" data-widget_type=\"image.default\">\n\t\t\t\t<div class=\"elementor-widget-container\">\n\t\t\t\t\t\t\t\t\t\t\t\t\t\t\t<img decoding=\"async\" width=\"768\" height=\"1024\" src=\"https:\/\/www.vaherlehto.fi\/wp-content\/uploads\/2025\/03\/IMG_0606-768x1024.jpg\" class=\"attachment-large size-large wp-image-148\" alt=\"\" srcset=\"https:\/\/www.vaherlehto.fi\/wp-content\/uploads\/2025\/03\/IMG_0606-768x1024.jpg 768w, https:\/\/www.vaherlehto.fi\/wp-content\/uploads\/2025\/03\/IMG_0606-225x300.jpg 225w, https:\/\/www.vaherlehto.fi\/wp-content\/uploads\/2025\/03\/IMG_0606-1152x1536.jpg 1152w, https:\/\/www.vaherlehto.fi\/wp-content\/uploads\/2025\/03\/IMG_0606-1536x2048.jpg 1536w, https:\/\/www.vaherlehto.fi\/wp-content\/uploads\/2025\/03\/IMG_0606-scaled.jpg 1920w\" sizes=\"(max-width: 768px) 100vw, 768px\" \/>\t\t\t\t\t\t\t\t\t\t\t\t\t\t\t<\/div>\n\t\t\t\t<\/div>\n\t\t\t\t<\/div>\n\t\t<div class=\"elementor-element elementor-element-af99173 e-con-full e-flex e-con e-child\" data-id=\"af99173\" data-element_type=\"container\" data-e-type=\"container\">\n\t\t\t\t<div class=\"elementor-element elementor-element-6454072 elementor-widget elementor-widget-spacer\" data-id=\"6454072\" data-element_type=\"widget\" data-e-type=\"widget\" data-widget_type=\"spacer.default\">\n\t\t\t\t<div class=\"elementor-widget-container\">\n\t\t\t\t\t\t\t<div class=\"elementor-spacer\">\n\t\t\t<div class=\"elementor-spacer-inner\"><\/div>\n\t\t<\/div>\n\t\t\t\t\t\t<\/div>\n\t\t\t\t<\/div>\n\t\t\t\t<div class=\"elementor-element elementor-element-cce4be9 elementor-widget elementor-widget-heading\" data-id=\"cce4be9\" data-element_type=\"widget\" data-e-type=\"widget\" data-widget_type=\"heading.default\">\n\t\t\t\t<div class=\"elementor-widget-container\">\n\t\t\t\t\t<h2 class=\"elementor-heading-title elementor-size-default\">Uuden sukupolven p\u00e4\u00e4t\u00f6ksentekoa!<\/h2>\t\t\t\t<\/div>\n\t\t\t\t<\/div>\n\t\t\t\t<div class=\"elementor-element elementor-element-05d84be elementor-widget elementor-widget-spacer\" data-id=\"05d84be\" data-element_type=\"widget\" data-e-type=\"widget\" data-widget_type=\"spacer.default\">\n\t\t\t\t<div class=\"elementor-widget-container\">\n\t\t\t\t\t\t\t<div class=\"elementor-spacer\">\n\t\t\t<div class=\"elementor-spacer-inner\"><\/div>\n\t\t<\/div>\n\t\t\t\t\t\t<\/div>\n\t\t\t\t<\/div>\n\t\t\t\t<div class=\"elementor-element elementor-element-2447e81 elementor-widget elementor-widget-text-editor\" data-id=\"2447e81\" data-element_type=\"widget\" data-e-type=\"widget\" data-widget_type=\"text-editor.default\">\n\t\t\t\t<div class=\"elementor-widget-container\">\n\t\t\t\t\t\t\t\t\t<p>Olen Eemi Vaherlehto, 23-vuotias yritt\u00e4j\u00e4 ja valtuutettu Tuusulasta.<\/p><p>Toimin t\u00e4ll\u00e4 hetkell\u00e4 valtuutettuna ja tarkastuslautakunnan puheenjohtaja Tuusulassa sek\u00e4 maakuntavaltuutettuna Uudellamaalla.<\/p><p>Olen mukana, sill\u00e4 nyt tarvitaan uuden sukupolven p\u00e4\u00e4t\u00f6ksentekoa. Tahdon olla mukana rakentamassa Tuusulasta elinvoimaista ja viihtyis\u00e4\u00e4 asuinpaikkaa meille kaikille.\u00a0<\/p><p>Uudenmaan asemaa Suomen veturina ja suunnann\u00e4ytt\u00e4j\u00e4n\u00e4 on vahvistettava entisest\u00e4\u00e4n!<\/p><p>My\u00f6s vaikeat p\u00e4\u00e4t\u00f6kset kuuluvat politiikkaan. T\u00e4ll\u00f6in on t\u00e4rke\u00e4\u00e4 tukeutua omiin arvoihinsa. Minulle keskeisimpi\u00e4 arvoja ovat oikeudenmukaisuus, vapaus, yhteisty\u00f6 ja avoimuus.<\/p>\t\t\t\t\t\t\t\t<\/div>\n\t\t\t\t<\/div>\n\t\t\t\t<\/div>\n\t\t\t\t\t<\/div>\n\t\t\t\t<\/div>\n\t\t<div class=\"elementor-element elementor-element-f3105c5 e-flex e-con-boxed e-con e-parent\" data-id=\"f3105c5\" data-element_type=\"container\" data-e-type=\"container\">\n\t\t\t\t\t<div class=\"e-con-inner\">\n\t\t<div class=\"elementor-element elementor-element-c81dd1e e-con-full e-flex e-con e-child\" data-id=\"c81dd1e\" data-element_type=\"container\" data-e-type=\"container\">\n\t\t\t\t<div class=\"elementor-element elementor-element-e448357 elementor-widget elementor-widget-spacer\" data-id=\"e448357\" data-element_type=\"widget\" data-e-type=\"widget\" data-widget_type=\"spacer.default\">\n\t\t\t\t<div class=\"elementor-widget-container\">\n\t\t\t\t\t\t\t<div class=\"elementor-spacer\">\n\t\t\t<div class=\"elementor-spacer-inner\"><\/div>\n\t\t<\/div>\n\t\t\t\t\t\t<\/div>\n\t\t\t\t<\/div>\n\t\t\t\t<div class=\"elementor-element elementor-element-e7497e6 elementor-widget elementor-widget-spacer\" data-id=\"e7497e6\" data-element_type=\"widget\" data-e-type=\"widget\" data-widget_type=\"spacer.default\">\n\t\t\t\t<div class=\"elementor-widget-container\">\n\t\t\t\t\t\t\t<div class=\"elementor-spacer\">\n\t\t\t<div class=\"elementor-spacer-inner\"><\/div>\n\t\t<\/div>\n\t\t\t\t\t\t<\/div>\n\t\t\t\t<\/div>\n\t\t\t\t<div class=\"elementor-element elementor-element-cf300c0 elementor-widget elementor-widget-heading\" data-id=\"cf300c0\" data-element_type=\"widget\" data-e-type=\"widget\" data-widget_type=\"heading.default\">\n\t\t\t\t<div class=\"elementor-widget-container\">\n\t\t\t\t\t<h2 class=\"elementor-heading-title elementor-size-default\">Tunnelmia kuntavaalien 2025 kampanjasta!<\/h2>\t\t\t\t<\/div>\n\t\t\t\t<\/div>\n\t\t\t\t<\/div>\n\t\t<div class=\"elementor-element elementor-element-b31aff1 e-con-full e-flex e-con e-child\" data-id=\"b31aff1\" data-element_type=\"container\" data-e-type=\"container\">\n\t\t\t\t<div class=\"elementor-element elementor-element-7303221 elementor-widget elementor-widget-video\" data-id=\"7303221\" data-element_type=\"widget\" data-e-type=\"widget\" data-settings=\"{&quot;video_type&quot;:&quot;hosted&quot;,&quot;controls&quot;:&quot;yes&quot;}\" data-widget_type=\"video.default\">\n\t\t\t\t<div class=\"elementor-widget-container\">\n\t\t\t\t\t\t\t<div class=\"e-hosted-video elementor-wrapper elementor-open-inline\">\n\t\t\t\t\t<video class=\"elementor-video\" src=\"https:\/\/www.vaherlehto.fi\/wp-content\/uploads\/2025\/04\/Eemi-Vaherlehto-henkilokuva-3.mov\" controls=\"\" preload=\"metadata\" controlsList=\"nodownload\"><\/video>\n\t\t\t\t<\/div>\n\t\t\t\t\t\t<\/div>\n\t\t\t\t<\/div>\n\t\t\t\t<\/div>\n\t\t\t\t\t<\/div>\n\t\t\t\t<\/div>\n\t\t<div class=\"elementor-element elementor-element-d62d068 e-flex e-con-boxed e-con e-parent\" data-id=\"d62d068\" data-element_type=\"container\" data-e-type=\"container\">\n\t\t\t\t\t<div class=\"e-con-inner\">\n\t\t\t\t<div class=\"elementor-element elementor-element-d7d87d4 elementor-widget elementor-widget-spacer\" data-id=\"d7d87d4\" data-element_type=\"widget\" data-e-type=\"widget\" data-widget_type=\"spacer.default\">\n\t\t\t\t<div class=\"elementor-widget-container\">\n\t\t\t\t\t\t\t<div class=\"elementor-spacer\">\n\t\t\t<div class=\"elementor-spacer-inner\"><\/div>\n\t\t<\/div>\n\t\t\t\t\t\t<\/div>\n\t\t\t\t<\/div>\n\t\t\t\t\t<\/div>\n\t\t\t\t<\/div>\n\t\t\t\t<\/div>\n\t\t","protected":false},"excerpt":{"rendered":"<p>Uuden sukupolven p\u00e4\u00e4t\u00f6ksentekoa! Olen Eemi Vaherlehto, 23-vuotias yritt\u00e4j\u00e4 ja valtuutettu Tuusulasta. Toimin t\u00e4ll\u00e4 hetkell\u00e4 valtuutettuna ja tarkastuslautakunnan puheenjohtaja Tuusulassa sek\u00e4 maakuntavaltuutettuna Uudellamaalla. Olen mukana, sill\u00e4 nyt tarvitaan uuden sukupolven p\u00e4\u00e4t\u00f6ksentekoa. &#8230;<\/p>\n","protected":false},"author":1,"featured_media":0,"parent":0,"menu_order":0,"comment_status":"closed","ping_status":"closed","template":"","meta":{"footnotes":""},"class_list":["post-10","page","type-page","status-publish","hentry"],"_links":{"self":[{"href":"https:\/\/www.vaherlehto.fi\/index.php?rest_route=\/wp\/v2\/pages\/10","targetHints":{"allow":["GET"]}}],"collection":[{"href":"https:\/\/www.vaherlehto.fi\/index.php?rest_route=\/wp\/v2\/pages"}],"about":[{"href":"https:\/\/www.vaherlehto.fi\/index.php?rest_route=\/wp\/v2\/types\/page"}],"author":[{"embeddable":true,"href":"https:\/\/www.vaherlehto.fi\/index.php?rest_route=\/wp\/v2\/users\/1"}],"replies":[{"embeddable":true,"href":"https:\/\/www.vaherlehto.fi\/index.php?rest_route=%2Fwp%2Fv2%2Fcomments&post=10"}],"version-history":[{"count":58,"href":"https:\/\/www.vaherlehto.fi\/index.php?rest_route=\/wp\/v2\/pages\/10\/revisions"}],"predecessor-version":[{"id":254,"href":"https:\/\/www.vaherlehto.fi\/index.php?rest_route=\/wp\/v2\/pages\/10\/revisions\/254"}],"wp:attachment":[{"href":"https:\/\/www.vaherlehto.fi\/index.php?rest_route=%2Fwp%2Fv2%2Fmedia&parent=10"}],"curies":[{"name":"wp","href":"https:\/\/api.w.org\/{rel}","templated":true}]}}